{"id":1183,"date":"2023-09-05T14:45:06","date_gmt":"2023-09-05T14:45:06","guid":{"rendered":"https:\/\/www.deli-home.com\/?page_id=1183"},"modified":"2023-11-02T14:53:04","modified_gmt":"2023-11-02T14:53:04","slug":"our-colleagues","status":"publish","type":"page","link":"https:\/\/www.deli-home.com\/fr\/nos-collegues\/","title":{"rendered":"Nos coll\u00e8gues"},"content":{"rendered":"<div class=\"wp-block-cover alignfull has-parallax\" style=\"min-height:700px;aspect-ratio:unset;\"><span aria-hidden=\"true\" class=\"wp-block-cover__background has-background-dim-100 has-background-dim wp-block-cover__gradient-background has-background-gradient\" style=\"background:linear-gradient(90deg,rgba(2,19,45,0.8) 0%,rgba(2,19,45,0.5) 37%,rgba(2,19,45,0) 98%)\"><\/span><div role=\"img\" class=\"wp-block-cover__image-background wp-image-341 has-parallax\" style=\"background-position:50% 50%;background-image:url(https:\/\/www.deli-home.com\/wp-content\/uploads\/2023\/08\/vloer-en-trap.jpg)\"><\/div><div class=\"wp-block-cover__inner-container is-layout-flow wp-block-cover-is-layout-flow\">\n<div class=\"wp-block-group\"><div class=\"wp-block-group__inner-container is-layout-constrained wp-block-group-is-layout-constrained\">\n<div class=\"wp-block-columns is-layout-flex wp-container-core-columns-is-layout-1 wp-block-columns-is-layout-flex\">\n<div class=\"wp-block-column is-layout-flow wp-block-column-is-layout-flow\" style=\"flex-basis:50%\">\n<h1 class=\"wp-block-heading\"><strong>Nos coll\u00e8gues<\/strong><\/h1>\n\n\n\n<p class=\"has-text-align-left has-large-font-size\">Dans leurs propres mots<\/p>\n<\/div>\n\n\n\n<div class=\"wp-block-column is-layout-flow wp-block-column-is-layout-flow\" style=\"flex-basis:50%\"><\/div>\n<\/div>\n<\/div><\/div>\n<\/div><\/div>\n\n\n\n<section class=\"wp-block-group\"><div class=\"wp-block-group__inner-container is-layout-constrained wp-block-group-is-layout-constrained\">\n<div class=\"wp-block-columns is-layout-flex wp-container-core-columns-is-layout-2 wp-block-columns-is-layout-flex\">\n<div class=\"wp-block-column is-layout-flow wp-block-column-is-layout-flow\" style=\"flex-basis:25%\"><\/div>\n\n\n\n<div class=\"wp-block-column is-layout-flow wp-block-column-is-layout-flow\" style=\"flex-basis:65%\">\n<p class=\"has-text-align-center has-text-color has-medium-font-size\" style=\"color:#2bb3eb\"><strong>EN SAVOIR PLUS SUR<\/strong><\/p>\n\n\n\n<h2 class=\"wp-block-heading has-text-align-center\">Nos coll\u00e8gues<\/h2>\n\n\n\n<p>Sur le site web, nous pouvons \u00e9num\u00e9rer un millier de raisons pour lesquelles il est si agr\u00e9able de travailler chez Deli Home, mais nos coll\u00e8gues peuvent tout simplement vous le dire eux-m\u00eames. Lisez les diff\u00e9rentes histoires ci-dessous et d\u00e9couvrez tout ce que Deli Home a \u00e0 offrir.<\/p>\n<\/div>\n\n\n\n<div class=\"wp-block-column is-layout-flow wp-block-column-is-layout-flow\" style=\"flex-basis:25%\"><\/div>\n<\/div>\n<\/div><\/section>\n\n\n\n<div class=\"wp-block-group\"><div class=\"wp-block-group__inner-container is-layout-constrained wp-block-group-is-layout-constrained\">\n<div class=\"wp-block-columns is-layout-flex wp-container-core-columns-is-layout-3 wp-block-columns-is-layout-flex\">\n<div class=\"wp-block-column is-vertically-aligned-center is-layout-flow wp-block-column-is-layout-flow\">\n<h3 class=\"wp-block-heading\">Stefan Wijnen, Sales and Business Development Manager<\/h3>\n\n\n\n<p>En tant que cadre chez Made to Measure Stair et Made to Measure Wood, Stefan est charg\u00e9 de la commercialisation r\u00e9ussie et du d\u00e9veloppement de nouveaux concepts sur mesure. D\u00e9couvrez son histoire ici.<\/p>\n<\/div>\n\n\n\n<div class=\"wp-block-column is-layout-flow wp-block-column-is-layout-flow\">\n<figure class=\"wp-block-embed is-type-video is-provider-youtube wp-block-embed-youtube wp-embed-aspect-16-9 wp-has-aspect-ratio\"><div class=\"wp-block-embed__wrapper\">\n<iframe loading=\"lazy\" title=\"Werken met Stefan Wijnen\" width=\"500\" height=\"281\" src=\"https:\/\/www.youtube.com\/embed\/LWwhkSOnCVI?feature=oembed\" frameborder=\"0\" allow=\"accelerometer; autoplay; clipboard-write; encrypted-media; gyroscope; picture-in-picture; web-share\" referrerpolicy=\"strict-origin-when-cross-origin\" allowfullscreen><\/iframe>\n<\/div><\/figure>\n<\/div>\n<\/div>\n<\/div><\/div>\n\n\n\n<div class=\"wp-block-group\"><div class=\"wp-block-group__inner-container is-layout-constrained wp-block-group-is-layout-constrained\">\n<div class=\"wp-block-columns is-layout-flex wp-container-core-columns-is-layout-4 wp-block-columns-is-layout-flex\">\n<div class=\"wp-block-column is-layout-flow wp-block-column-is-layout-flow\">\n<figure class=\"wp-block-embed is-type-video is-provider-youtube wp-block-embed-youtube wp-embed-aspect-16-9 wp-has-aspect-ratio\"><div class=\"wp-block-embed__wrapper\">\n<iframe loading=\"lazy\" title=\"Werken met Rick Broeksema\" width=\"500\" height=\"281\" src=\"https:\/\/www.youtube.com\/embed\/l3I_CLhsqpk?feature=oembed\" frameborder=\"0\" allow=\"accelerometer; autoplay; clipboard-write; encrypted-media; gyroscope; picture-in-picture; web-share\" referrerpolicy=\"strict-origin-when-cross-origin\" allowfullscreen><\/iframe>\n<\/div><\/figure>\n<\/div>\n\n\n\n<div class=\"wp-block-column is-vertically-aligned-center is-layout-flow wp-block-column-is-layout-flow\">\n<h3 class=\"wp-block-heading\">Rick Broeksema, Measurer\/Service engineer<\/h3>\n\n\n\n<p>Rick se rend chez les clients en tant que Measurer\/Service Engineer pour mesurer, installer ou r\u00e9soudre les probl\u00e8mes d'une porte sur mesure. Il est l'ambassadeur de l'entreprise dans ce r\u00f4le. Le service et la pr\u00e9cision sont donc importants dans son travail. Consultez son histoire ici.<\/p>\n<\/div>\n<\/div>\n<\/div><\/div>\n\n\n\n<div class=\"wp-block-group\"><div class=\"wp-block-group__inner-container is-layout-constrained wp-block-group-is-layout-constrained\">\n<div class=\"wp-block-columns is-layout-flex wp-container-core-columns-is-layout-5 wp-block-columns-is-layout-flex\">\n<div class=\"wp-block-column is-vertically-aligned-center is-layout-flow wp-block-column-is-layout-flow\">\n<h3 class=\"wp-block-heading\">Marleen Brooshooft, IT Consultant<\/h3>\n\n\n\n<p>En tant que Consultante IT au sein de Deli Home, Marleen est impliqu\u00e9e dans la conception et la mise en \u0153uvre de nouveaux processus au sein des syst\u00e8mes informatiques actuels. Elle a eu l'occasion d'\u00e9voluer d'un autre poste vers sa fonction actuelle. D\u00e9couvrez son histoire ici.<\/p>\n<\/div>\n\n\n\n<div class=\"wp-block-column is-layout-flow wp-block-column-is-layout-flow\">\n<figure class=\"wp-block-embed is-type-video is-provider-youtube wp-block-embed-youtube wp-embed-aspect-16-9 wp-has-aspect-ratio\"><div class=\"wp-block-embed__wrapper\">\n<iframe loading=\"lazy\" title=\"Werken met Marleen Brooshooft\" width=\"500\" height=\"281\" src=\"https:\/\/www.youtube.com\/embed\/1sjChZRngS4?feature=oembed\" frameborder=\"0\" allow=\"accelerometer; autoplay; clipboard-write; encrypted-media; gyroscope; picture-in-picture; web-share\" referrerpolicy=\"strict-origin-when-cross-origin\" allowfullscreen><\/iframe>\n<\/div><\/figure>\n<\/div>\n<\/div>\n<\/div><\/div>\n\n\n\n<div class=\"wp-block-group\"><div class=\"wp-block-group__inner-container is-layout-constrained wp-block-group-is-layout-constrained\">\n<div class=\"wp-block-columns is-layout-flex wp-container-core-columns-is-layout-6 wp-block-columns-is-layout-flex\">\n<div class=\"wp-block-column is-layout-flow wp-block-column-is-layout-flow\">\n<figure class=\"wp-block-embed is-type-video is-provider-youtube wp-block-embed-youtube wp-embed-aspect-16-9 wp-has-aspect-ratio\"><div class=\"wp-block-embed__wrapper\">\n<iframe loading=\"lazy\" title=\"Werken met Paul van Heck\" width=\"500\" height=\"281\" src=\"https:\/\/www.youtube.com\/embed\/GpJLolt3RMA?feature=oembed\" frameborder=\"0\" allow=\"accelerometer; autoplay; clipboard-write; encrypted-media; gyroscope; picture-in-picture; web-share\" referrerpolicy=\"strict-origin-when-cross-origin\" allowfullscreen><\/iframe>\n<\/div><\/figure>\n<\/div>\n\n\n\n<div class=\"wp-block-column is-layout-flow wp-block-column-is-layout-flow\">\n<h3 class=\"wp-block-heading\">Paul van Heck, Operations Manager Skantrae<\/h3>\n\n\n\n<p>Paul van Heck est Operations Manage chez Skantrae. Il est responsable de la logistique, du centre d'usinage et du service de soutien aux op\u00e9rations. Il veille \u00e0 ce que lui et son \u00e9quipe livrent les bonnes portes aux bons clients, soit environ 3 000 par jour. Paul participe au Programme de D\u00e9veloppement des Cadres chez Deli Home pour se d\u00e9velopper davantage. D\u00e9couvrez son histoire ici.<\/p>\n<\/div>\n<\/div>\n<\/div><\/div>\n\n\n\n<div class=\"wp-block-group\"><div class=\"wp-block-group__inner-container is-layout-constrained wp-block-group-is-layout-constrained\">\n<div class=\"wp-block-columns is-layout-flex wp-container-core-columns-is-layout-7 wp-block-columns-is-layout-flex\">\n<div class=\"wp-block-column is-layout-flow wp-block-column-is-layout-flow\">\n<h3 class=\"wp-block-heading\">Jeroen Veldhorst, Manager Account Support<\/h3>\n\n\n\n<p>Jeroen Veldhorst est le Manager Account Support. Avec son \u00e9quipe, il veille \u00e0 ce que toutes les demandes et r\u00e9clamations des clients soient trait\u00e9es de la meilleure mani\u00e8re possible. Pour aider nos clients \u00e0 progresser de la meilleure fa\u00e7on possible, Jeroen se pr\u00e9occupe donc quotidiennement de l'am\u00e9lioration de la qualit\u00e9. D\u00e9couvrez son histoire ici.<\/p>\n<\/div>\n\n\n\n<div class=\"wp-block-column is-layout-flow wp-block-column-is-layout-flow\">\n<figure class=\"wp-block-embed is-type-video is-provider-youtube wp-block-embed-youtube wp-embed-aspect-16-9 wp-has-aspect-ratio\"><div class=\"wp-block-embed__wrapper\">\n<iframe loading=\"lazy\" title=\"Werken met Jeroen Veldhorst\" width=\"500\" height=\"281\" src=\"https:\/\/www.youtube.com\/embed\/1td947CaNj8?feature=oembed\" frameborder=\"0\" allow=\"accelerometer; autoplay; clipboard-write; encrypted-media; gyroscope; picture-in-picture; web-share\" referrerpolicy=\"strict-origin-when-cross-origin\" allowfullscreen><\/iframe>\n<\/div><\/figure>\n<\/div>\n<\/div>\n<\/div><\/div>","protected":false},"excerpt":{"rendered":"<p>LEARN MORE ON Our collegues On the website we can list a thousand reasons why it is so nice to work at Deli Home, but our colleagues can simply tell you themselves. Read the various stories below and discover everything that Deli Home has to offer. Stefan Wijnen, Sales and Business Development Manager As an [&hellip;]<\/p>","protected":false},"author":5,"featured_media":0,"parent":0,"menu_order":0,"comment_status":"closed","ping_status":"closed","template":"","meta":{"_acf_changed":false,"inline_featured_image":false,"footnotes":""},"class_list":["post-1183","page","type-page","status-publish","hentry"],"acf":[],"yoast_head":"<!-- This site is optimized with the Yoast SEO plugin v26.4 - https:\/\/yoast.com\/wordpress\/plugins\/seo\/ -->\n<title>Our colleagues - Deli Home<\/title>\n<meta name=\"description\" content=\"Our colleagues share what it&#039;s like to work at Deli Home. Get to know the people behind the organization.\" \/>\n<meta name=\"robots\" content=\"index, follow, max-snippet:-1, max-image-preview:large, max-video-preview:-1\" \/>\n<link rel=\"canonical\" href=\"https:\/\/www.deli-home.com\/fr\/wp-json\/wp\/v2\/pages\/1183\/\" \/>\n<meta property=\"og:locale\" content=\"fr_FR\" \/>\n<meta property=\"og:type\" content=\"article\" \/>\n<meta property=\"og:title\" content=\"Our colleagues - Deli Home\" \/>\n<meta property=\"og:description\" content=\"Our colleagues share what it&#039;s like to work at Deli Home. Get to know the people behind the organization.\" \/>\n<meta property=\"og:url\" content=\"https:\/\/www.deli-home.com\/fr\/wp-json\/wp\/v2\/pages\/1183\/\" \/>\n<meta property=\"og:site_name\" content=\"Deli Home\" \/>\n<meta property=\"article:modified_time\" content=\"2023-11-02T14:53:04+00:00\" \/>\n<script type=\"application\/ld+json\" class=\"yoast-schema-graph\">{\"@context\":\"https:\/\/schema.org\",\"@graph\":[{\"@type\":\"WebPage\",\"@id\":\"https:\/\/www.homeprovy.pl\/nl\/onze-collegas\/\",\"url\":\"https:\/\/www.homeprovy.pl\/nl\/onze-collegas\/\",\"name\":\"Our colleagues - Deli Home\",\"isPartOf\":{\"@id\":\"https:\/\/www.jewe.eu\/de\/#website\"},\"datePublished\":\"2023-09-05T14:45:06+00:00\",\"dateModified\":\"2023-11-02T14:53:04+00:00\",\"description\":\"Our colleagues share what it's like to work at Deli Home. Get to know the people behind the organization.\",\"breadcrumb\":{\"@id\":\"https:\/\/www.homeprovy.pl\/nl\/onze-collegas\/#breadcrumb\"},\"inLanguage\":\"fr-FR\",\"potentialAction\":[{\"@type\":\"ReadAction\",\"target\":[\"https:\/\/www.homeprovy.pl\/nl\/onze-collegas\/\"]}]},{\"@type\":\"BreadcrumbList\",\"@id\":\"https:\/\/www.homeprovy.pl\/nl\/onze-collegas\/#breadcrumb\",\"itemListElement\":[{\"@type\":\"ListItem\",\"position\":1,\"name\":\"Home\",\"item\":\"https:\/\/www.jewe.eu\/de\/\"},{\"@type\":\"ListItem\",\"position\":2,\"name\":\"Our colleagues\"}]},{\"@type\":\"WebSite\",\"@id\":\"https:\/\/www.jewe.eu\/de\/#website\",\"url\":\"https:\/\/www.jewe.eu\/de\/\",\"name\":\"Deli Home\",\"description\":\"\",\"publisher\":{\"@id\":\"https:\/\/www.jewe.eu\/de\/#organization\"},\"potentialAction\":[{\"@type\":\"SearchAction\",\"target\":{\"@type\":\"EntryPoint\",\"urlTemplate\":\"https:\/\/www.jewe.eu\/de\/?s={search_term_string}\"},\"query-input\":{\"@type\":\"PropertyValueSpecification\",\"valueRequired\":true,\"valueName\":\"search_term_string\"}}],\"inLanguage\":\"fr-FR\"},{\"@type\":\"Organization\",\"@id\":\"https:\/\/www.jewe.eu\/de\/#organization\",\"name\":\"Deli Home\",\"url\":\"https:\/\/www.jewe.eu\/de\/\",\"logo\":{\"@type\":\"ImageObject\",\"inLanguage\":\"fr-FR\",\"@id\":\"https:\/\/www.jewe.eu\/de\/#\/schema\/logo\/image\/\",\"url\":\"https:\/\/www.deli-home.com\/wp-content\/uploads\/2023\/09\/favicon.png\",\"contentUrl\":\"https:\/\/www.deli-home.com\/wp-content\/uploads\/2023\/09\/favicon.png\",\"width\":500,\"height\":500,\"caption\":\"Deli Home\"},\"image\":{\"@id\":\"https:\/\/www.jewe.eu\/de\/#\/schema\/logo\/image\/\"},\"sameAs\":[\"https:\/\/www.linkedin.com\/company\/deli-home\/\"]}]}<\/script>\n<!-- \/ Yoast SEO plugin. -->","yoast_head_json":{"title":"Our colleagues - Deli Home","description":"Our colleagues share what it's like to work at Deli Home. Get to know the people behind the organization.","robots":{"index":"index","follow":"follow","max-snippet":"max-snippet:-1","max-image-preview":"max-image-preview:large","max-video-preview":"max-video-preview:-1"},"canonical":"https:\/\/www.deli-home.com\/fr\/wp-json\/wp\/v2\/pages\/1183\/","og_locale":"fr_FR","og_type":"article","og_title":"Our colleagues - Deli Home","og_description":"Our colleagues share what it's like to work at Deli Home. Get to know the people behind the organization.","og_url":"https:\/\/www.deli-home.com\/fr\/wp-json\/wp\/v2\/pages\/1183\/","og_site_name":"Deli Home","article_modified_time":"2023-11-02T14:53:04+00:00","schema":{"@context":"https:\/\/schema.org","@graph":[{"@type":"WebPage","@id":"https:\/\/www.homeprovy.pl\/nl\/onze-collegas\/","url":"https:\/\/www.homeprovy.pl\/nl\/onze-collegas\/","name":"Our colleagues - Deli Home","isPartOf":{"@id":"https:\/\/www.jewe.eu\/de\/#website"},"datePublished":"2023-09-05T14:45:06+00:00","dateModified":"2023-11-02T14:53:04+00:00","description":"Our colleagues share what it's like to work at Deli Home. Get to know the people behind the organization.","breadcrumb":{"@id":"https:\/\/www.homeprovy.pl\/nl\/onze-collegas\/#breadcrumb"},"inLanguage":"fr-FR","potentialAction":[{"@type":"ReadAction","target":["https:\/\/www.homeprovy.pl\/nl\/onze-collegas\/"]}]},{"@type":"BreadcrumbList","@id":"https:\/\/www.homeprovy.pl\/nl\/onze-collegas\/#breadcrumb","itemListElement":[{"@type":"ListItem","position":1,"name":"Home","item":"https:\/\/www.jewe.eu\/de\/"},{"@type":"ListItem","position":2,"name":"Our colleagues"}]},{"@type":"WebSite","@id":"https:\/\/www.jewe.eu\/de\/#website","url":"https:\/\/www.jewe.eu\/de\/","name":"Deli Home","description":"","publisher":{"@id":"https:\/\/www.jewe.eu\/de\/#organization"},"potentialAction":[{"@type":"SearchAction","target":{"@type":"EntryPoint","urlTemplate":"https:\/\/www.jewe.eu\/de\/?s={search_term_string}"},"query-input":{"@type":"PropertyValueSpecification","valueRequired":true,"valueName":"search_term_string"}}],"inLanguage":"fr-FR"},{"@type":"Organization","@id":"https:\/\/www.jewe.eu\/de\/#organization","name":"Deli Home","url":"https:\/\/www.jewe.eu\/de\/","logo":{"@type":"ImageObject","inLanguage":"fr-FR","@id":"https:\/\/www.jewe.eu\/de\/#\/schema\/logo\/image\/","url":"https:\/\/www.deli-home.com\/wp-content\/uploads\/2023\/09\/favicon.png","contentUrl":"https:\/\/www.deli-home.com\/wp-content\/uploads\/2023\/09\/favicon.png","width":500,"height":500,"caption":"Deli Home"},"image":{"@id":"https:\/\/www.jewe.eu\/de\/#\/schema\/logo\/image\/"},"sameAs":["https:\/\/www.linkedin.com\/company\/deli-home\/"]}]}},"_links":{"self":[{"href":"https:\/\/www.deli-home.com\/fr\/wp-json\/wp\/v2\/pages\/1183","targetHints":{"allow":["GET"]}}],"collection":[{"href":"https:\/\/www.deli-home.com\/fr\/wp-json\/wp\/v2\/pages"}],"about":[{"href":"https:\/\/www.deli-home.com\/fr\/wp-json\/wp\/v2\/types\/page"}],"author":[{"embeddable":true,"href":"https:\/\/www.deli-home.com\/fr\/wp-json\/wp\/v2\/users\/5"}],"replies":[{"embeddable":true,"href":"https:\/\/www.deli-home.com\/fr\/wp-json\/wp\/v2\/comments?post=1183"}],"version-history":[{"count":12,"href":"https:\/\/www.deli-home.com\/fr\/wp-json\/wp\/v2\/pages\/1183\/revisions"}],"predecessor-version":[{"id":5357,"href":"https:\/\/www.deli-home.com\/fr\/wp-json\/wp\/v2\/pages\/1183\/revisions\/5357"}],"wp:attachment":[{"href":"https:\/\/www.deli-home.com\/fr\/wp-json\/wp\/v2\/media?parent=1183"}],"curies":[{"name":"wp","href":"https:\/\/api.w.org\/{rel}","templated":true}]}}